{"id":140,"date":"2013-02-09T11:45:05","date_gmt":"2013-02-09T10:45:05","guid":{"rendered":"http:\/\/www.tsv-auerbach-fussball.de\/?page_id=140"},"modified":"2019-09-01T22:40:41","modified_gmt":"2019-09-01T20:40:41","slug":"juniorenforderverein","status":"publish","type":"page","link":"https:\/\/tsv-auerbach.org\/fussball\/juniorenforderverein\/","title":{"rendered":"Juniorenf\u00f6rderverein"},"content":{"rendered":"<p><a href=\"https:\/\/tsv-auerbach.org\/fussball\/wp-content\/uploads\/sites\/10\/2013\/03\/JFV_Vereinswappen.jpg\" data-rel=\"lightbox-image-0\" data-rl_title=\"\" data-rl_caption=\"\" title=\"\"><img loading=\"lazy\" decoding=\"async\" class=\"alignright size-medium wp-image-473\" src=\"https:\/\/tsv-auerbach.org\/fussball\/wp-content\/uploads\/sites\/10\/2013\/03\/JFV_Vereinswappen-268x300.jpg\" alt=\"JFV_Vereinswappen\" width=\"268\" height=\"300\" \/><\/a>Der JFV Alsbach\/Auerbach hat jetzt eine eigene Homepage. Siehe:<\/p>\n<p><a href=\"http:\/\/www.jfv-fussball.de\/\" target=\"_blank\" rel=\"noopener noreferrer\">http:\/\/www.jfv-fussball.de\/<\/a><\/p>\n<p>Betrifft die A, B-und C-Jugend<\/p>\n<p><b>Neuer Juniorenf\u00f6rderverein (JFV) an der Bergstra\u00dfe!<\/b><\/p>\n<p>Der FC Alsbach und die TSV Auerbach gr\u00fcndeten am 04.03.2013 einen gemeinsamen Juniorenf\u00f6rderverein, den \u201eJFV Alsbach\/Auerbach 2013 e.V.\u201c mit Sitz in Bensheim.<\/p>\n<p>Nach Aussage des Jugendleiters der TSV Auerbach und neuen Jugendleiters des Juniorenf\u00f6rdervereins Michael Brunner ist das Ziel, \u201eengagierten und talentierten Jugendspielern die M\u00f6glichkeit zu bieten, leistungsbezogenen Fu\u00dfball an der n\u00f6rdlichen Bergstra\u00dfe zu spielen. Wir wollen im A-B-und C-Juniorenbereich zun\u00e4chst Mannschaften in der Gruppenliga im vorderen Bereich der Tabelle etablieren, in dem wir unsere Spieler im JFV b\u00fcndeln\u201c. Das langfristige Ziel des JFVs lautet, Aufstieg und dauerhafte Zugeh\u00f6rigkeit in der Hessenliga. \u201eWir wollen in S\u00fcdhessen Jugendlichen die M\u00f6glichkeit bieten, h\u00f6herklassig zu spielen, ohne gr\u00f6\u00dfere Fahrtstrecken nach Darmstadt auf sich nehmen zu m\u00fcssen\u201c. So die Aussage von Ulrich<span style=\"text-decoration: line-through;\">e<\/span> Lange, Jugendleiter des FC Alsbach.\u00a0 Die Vereine sind \u00fcberzeugt, dass ein solches Ziel nur \u00fcber eine Kooperation m\u00f6glich sein wird. Beide Vereine haben in den letzten Jahren ihre Erfolge im Jugendbereich erreicht. Dennoch glauben die Traditionsvereine fest daran, dass nur in einer Kooperation ein dauerhafter Erfolg sichergestellt werden kann. Sie stellen weiterhin ihre Mannschaften bis zur D Jugend getrennt und ab der C-Jugend dann gemeinsam ab der neuen Saison 2013\/14 auf. Daneben kann es auch weiterhin Mannschaften in den \u00e4lteren Jahrg\u00e4ngen in den Stammvereinen geben. Dies wird von Jahr zu Jahr festgelegt. \u201eAuf diese Weise wollen wir sowohl dem Breiten- als auch Leistungssport an der n\u00f6rdlichen Bergstra\u00dfe gerecht werden. \u201cWir sind \u00fcberzeugt, dass davon auch die Seniorenmannschaften beider Vereine profitieren werden\u201c, so der Abteilungsleiter der TSV Auerbach Frank Sewald.<\/p>\n<p>\u201eDie Rahmenbedingungen wie demografischer Wandel, erweiterte Freizeitangebote und gesteigerte schulische Anforderungen, zwingen uns zu diesem Schritt, um weiterhin wettbewerbsf\u00e4hig zu bleiben\u201c, so Ulrich Lange. \u201eDenkbar w\u00e4re auch, dass sich weitere Vereine unserer Idee anschlie\u00dfen\u201c, so Horst Wisnewski, 2. Vorsitzender des FC Alsbach und 2. Vorsitzender des\u00a0 neu gegr\u00fcndeten JFV.<\/p>\n<p>Die Mannschaften werden nach Aussage von Michael Brunner durch qualifizierte Trainer betreut. Dies ist eine Grundvoraussetzung, um erfolgreich zu bestehen. Das war auch bisher der Garant f\u00fcr Erfolg in der Jugend. Die TSV Auerbach stellt u.a. schon zum 6. Mal das Jugendzentrum f\u00fcr eine Lizenzausbildung \u2013Fu\u00dfball- des Kreises Bergstra\u00dfe zur Verf\u00fcgung.<\/p>\n<p>\u201eIn den letzten Wochen gab es viele intensive Gespr\u00e4che zwischen den beiden Vereinen und die Verantwortlichen haben festgestellt, dass die Chemie stimmt und wir einen solchen Schritt machen sollten\u201c, so der neue 1. Vorsitzende des JFV Bernd L\u00fctzkendorf, der auch das Amt des 2. Vorsitzenden der TSV Fu\u00dfballabteilung innehat. Dazu hat sicherlich auch die gute Zusammenarbeit in der A-Jugend beigetragen, die eine Jugendspielgemeinschaft bildet und die aktuell um den Aufstieg in die Gruppenliga k\u00e4mpft. \u201eHier kann was zusammenwachsen\u201c, so die Aussage des 1. Vorsitzenden des FC Alsbach, Manfred Nickels.<\/p>\n<p>&nbsp;<\/p>\n<p><span style=\"text-decoration: underline;\">Den Vorstand des neu gegr\u00fcndeten Vereins bilden:<\/span><br \/>\nErster Vorsitzender: \u00a0\u00a0\u00a0\u00a0\u00a0\u00a0\u00a0\u00a0\u00a0\u00a0\u00a0\u00a0\u00a0\u00a0\u00a0\u00a0\u00a0\u00a0\u00a0\u00a0\u00a0 \u00a0 \u00a0 \u00a0 \u00a0 \u00a0 \u00a0\u00a0 Bernd L\u00fctzkendorf,<br \/>\nzweiter Vorsitzender: \u00a0\u00a0\u00a0\u00a0\u00a0\u00a0\u00a0\u00a0\u00a0\u00a0\u00a0\u00a0\u00a0\u00a0\u00a0\u00a0\u00a0\u00a0\u00a0\u00a0 \u00a0 \u00a0 \u00a0 \u00a0\u00a0 \u00a0 Horst Wisnewski<br \/>\nJugendleiter: \u00a0\u00a0\u00a0\u00a0\u00a0\u00a0\u00a0\u00a0\u00a0\u00a0\u00a0\u00a0\u00a0\u00a0\u00a0\u00a0\u00a0\u00a0\u00a0\u00a0\u00a0\u00a0\u00a0\u00a0\u00a0\u00a0\u00a0\u00a0\u00a0\u00a0\u00a0\u00a0\u00a0 \u00a0 \u00a0 \u00a0 \u00a0 \u00a0 \u00a0 \u00a0\u00a0 \u00a0 Michael Brunner,<br \/>\nstellvertretender Jugendleiter: \u00a0\u00a0\u00a0\u00a0\u00a0\u00a0\u00a0 Ulrich Lange<br \/>\nKassenwart: \u00a0\u00a0\u00a0\u00a0\u00a0\u00a0\u00a0\u00a0\u00a0\u00a0\u00a0\u00a0\u00a0\u00a0\u00a0\u00a0\u00a0\u00a0\u00a0\u00a0\u00a0\u00a0\u00a0\u00a0\u00a0\u00a0\u00a0\u00a0\u00a0\u00a0\u00a0\u00a0\u00a0\u00a0\u00a0 \u00a0 \u00a0 \u00a0 \u00a0 \u00a0 \u00a0 \u00a0 \u00a0 \u00a0 Christoph Tammer<br \/>\nPresse-und \u00d6ffentlichkeit: \u00a0\u00a0\u00a0\u00a0\u00a0\u00a0\u00a0\u00a0\u00a0\u00a0\u00a0\u00a0\u00a0\u00a0 \u00a0\u00a0 Torsten Konietzka,<br \/>\nBeisitzer: \u00a0\u00a0\u00a0\u00a0\u00a0\u00a0\u00a0\u00a0\u00a0\u00a0\u00a0\u00a0\u00a0\u00a0\u00a0\u00a0\u00a0\u00a0\u00a0\u00a0\u00a0\u00a0\u00a0\u00a0\u00a0\u00a0\u00a0\u00a0\u00a0\u00a0\u00a0\u00a0\u00a0\u00a0\u00a0\u00a0\u00a0\u00a0\u00a0\u00a0\u00a0\u00a0\u00a0\u00a0\u00a0\u00a0\u00a0\u00a0\u00a0\u00a0\u00a0\u00a0\u00a0\u00a0\u00a0\u00a0\u00a0\u00a0\u00a0 Walter Richter<\/p>\n<p>&nbsp;<\/p>\n<table style=\"width: 576px; height: 479px;\" border=\"0\">\n<tbody>\n<tr>\n<td><a href=\"https:\/\/tsv-auerbach.org\/fussball\/wp-content\/uploads\/sites\/10\/2013\/03\/JFV_Gr\u00fcndungsbild.jpg\" data-rel=\"lightbox-image-1\" data-rl_title=\"\" data-rl_caption=\"\" title=\"\"><img loading=\"lazy\" decoding=\"async\" class=\"alignnone size-medium wp-image-428\" src=\"https:\/\/tsv-auerbach.org\/fussball\/wp-content\/uploads\/sites\/10\/2013\/03\/JFV_Gr\u00fcndungsbild-300x225.jpg\" alt=\"JFV_Gr\u00fcndungsbild\" width=\"434\" height=\"324\" \/><\/a><\/td>\n<\/tr>\n<tr>\n<td>Am 4.3.13 wurde der Juniorenf\u00f6rderverein Alsbach-Auerbach 2013 e.V. gegr\u00fcndet.Auf dem Bild die Gr\u00fcndungsmitglieder und der Vorstand.Von links: Manfred Nickels (Kassenpr\u00fcfer), Torsten Konietzka (Schriftf\u00fchrer und Leiter \u00d6ffentlichkeitsarbeit), Friedel Rothermel, Frank Sewald, Horst Wisnewski (2. Vorsitzender), Josef Nenortas (Kassenpr\u00fcfer) Bernd L\u00fctzkendorf (1. Vorsitzender), Walter Richter (Beisitzer), Michael Brunner (Jugendwart), Ulrich Lange (stellv. Jugendwart), Christoph Tammer (Kassenwart)<\/td>\n<\/tr>\n<\/tbody>\n<\/table>\n<p>Informationen zu den Trainern der Saison 2013\/14\u00a0 siehe unter Beitr\u00e4ge<\/p>\n<p>&nbsp;<\/p>\n<p class=\"MsoPlainText\"><strong><span style=\"font-size: 12pt; font-family: Arial;\">Fragen an Stephan Lerch (Trainer 1. Mannschaft FC Alsbach) und Peter Mautry (Trainer 1. Mannschaft TSV Auerbach) zum JFV<\/span><\/strong><\/p>\n<p class=\"MsoPlainText\"><span style=\"font-size: 10.0pt; font-family: Arial; font-weight: normal;\">\u00a0<\/span><\/p>\n<p class=\"MsoPlainText\"><i><span style=\"font-size: 10.0pt; font-family: Arial;\">1)Wie sehen die Trainer der 1. Senioren Mannschaften den JFV?<\/span><\/i><\/p>\n<p class=\"MsoPlainText\"><span style=\"font-size: 10.0pt; font-family: Arial; font-weight: normal;\">\u00a0<\/span><\/p>\n<p class=\"MsoPlainText\"><i><span style=\"text-decoration: underline;\"><span style=\"font-size: 10.0pt; font-family: Arial;\">Stephan Lerch:<\/span><\/span><\/i><span style=\"font-size: 10.0pt; font-family: Arial; font-weight: normal;\"> Ich bin der Meinung, dass der neue JFV beide Vereine bereichern wird. Das zusammenf\u00fchren von zwei Vereinen und der damit verbundenen B\u00fcndelung von Spielerpotenzial wird sich mittel- bis l\u00e4ngerfristig bezahlt machen. Auch bietet es die M\u00f6glichkeit noch enger und zielstrebiger an das Ausbilden, F\u00f6rdern, Fordern und Weiterentwickeln von Jugendspielern gemeinsam zu arbeiten.<\/span><\/p>\n<p class=\"MsoPlainText\"><i><span style=\"text-decoration: underline;\"><span style=\"font-size: 10.0pt; font-family: Arial;\">Peter Mautry:<\/span><\/span><\/i><span style=\"font-size: 10.0pt; font-family: Arial; color: black; font-weight: normal;\">Gut aufgestellte Mannschaften(auch in der Breite), die leistungsorientiert in entsprechenden Klassen bestehen. Dadurch Vermittlung von Ausbildung und Freude am sp\u00e4teren Senioren Fu\u00dfball.<\/span><\/p>\n<p class=\"MsoPlainText\"><span style=\"font-size: 10.0pt; font-family: Arial; font-weight: normal;\">\u00a0<\/span><\/p>\n<p class=\"MsoPlainText\"><i><span style=\"font-size: 10.0pt; font-family: Arial;\">2)Wie sieht das Konzept des FC Alsbach\/der TSV Auerbach in der Zukunft aus? <\/span><\/i><\/p>\n<p class=\"MsoPlainText\"><i><span style=\"font-size: 10.0pt; font-family: Arial;\">Welche Bedeutung hat der JFV in dem Konzept?<\/span><\/i><\/p>\n<p class=\"MsoPlainText\"><span style=\"font-size: 10.0pt; font-family: Arial; font-weight: normal;\">\u00a0<\/span><\/p>\n<p class=\"MsoPlainText\"><span style=\"text-decoration: underline;\"><span style=\"font-size: 10.0pt; font-family: Arial;\">Stephan Lerch:<\/span><\/span><span style=\"font-size: 10.0pt; font-family: Arial; font-weight: normal;\"> Der Aktivenbereich des FC Alsbach wird die Einf\u00fchrung des JFV durch sein Konzept weiter unterst\u00fctzen, da das Konzept vorsieht, die jungen und motivierten Spieler aus der Region in den n\u00e4chsten Jahren verst\u00e4rkt in die Aktiventeams einzubauen. Die Zukunft aller Vereine liegt in der Nachwuchsarbeit. Der FC Alsbach steht schon seit einigen Jahren f\u00fcr gute Jugendarbeit, doch ist nun die M\u00f6glichkeit gegeben diese Jugendarbeit zusammen mit dem TSV Auerbach auf eine neue \u201eEbene\u201c zu heben und das zuvor beschriebene auch effektiv in die Tat umsetzen zu k\u00f6nnen.<\/span><\/p>\n<p class=\"MsoPlainText\"><span style=\"font-size: 10.0pt; font-family: Arial; font-weight: normal;\">\u00a0<\/span><\/p>\n<p class=\"MsoPlainText\"><span style=\"text-decoration: underline;\"><span style=\"font-size: 10.0pt; font-family: Arial;\">Peter Mautry<\/span><\/span><span style=\"text-decoration: underline;\"><span style=\"font-size: 10.0pt; font-family: Arial; font-weight: normal;\">: <\/span><\/span><span style=\"font-size: 10.0pt; font-family: Arial; color: black; font-weight: normal;\">Weiterentwicklung 1+2 M\u00e4nnermannschaft. Erste M\u00e4nnermannschaft Richtung Kreis Oberliga f\u00fchren. Ernst zunehmender Unterbau f\u00fcr die Zukunft.<\/span><\/p>\n<p class=\"MsoPlainText\"><span style=\"font-size: 10.0pt; font-family: Arial; font-weight: normal;\">\u00a0<\/span><\/p>\n<p class=\"MsoPlainText\"><i><span style=\"font-size: 10.0pt; font-family: Arial;\">3) Was w\u00fcnscht\/erwartet der Trainer und Spielausschuss vom JFV?<\/span><\/i><\/p>\n<p class=\"MsoPlainText\"><span style=\"font-size: 10.0pt; font-family: Arial; font-weight: normal;\">\u00a0<\/span><\/p>\n<p class=\"MsoPlainText\"><span style=\"text-decoration: underline;\"><span style=\"font-size: 10.0pt; font-family: Arial;\">Stephan Lerch:<\/span><\/span><span style=\"font-size: 10.0pt; font-family: Arial; font-weight: normal;\"> Ich w\u00fcrde mir w\u00fcnschen, dass wir in den n\u00e4chsten Jahren m\u00f6glichst viele junge A-Jugendspieler in den Aktivenbereich integrieren k\u00f6nnen. Das beinhaltet aber auch eine gewisse Verantwortung und Verpflichtung f\u00fcr die Aktiventeams und deren verantwortlichen. Sie m\u00fcssen stets den jungen Spielern eine Perspektive bieten und diese auch aufzeigen und aufrecht erhalten k\u00f6nnen. <\/span><\/p>\n<p class=\"MsoPlainText\"><span style=\"font-size: 10.0pt; font-family: Arial; font-weight: normal;\">\u00a0<\/span><\/p>\n<p class=\"MsoPlainText\"><span style=\"text-decoration: underline;\"><span style=\"font-size: 10.0pt; font-family: Arial;\">Peter Mautry<\/span><\/span><span style=\"text-decoration: underline;\"><span style=\"font-size: 10.0pt; font-family: Arial; font-weight: normal;\">:<\/span><\/span><span style=\"font-size: 10.0pt; font-family: Arial; color: black; font-weight: normal;\">Ab A-Junioren offene, klare Absprachen mit Trainern und Spielausschuss \u00fcber weiteren Weg der Spieler.<\/span><\/p>\n<p class=\"MsoPlainText\"><span style=\"font-size: 10.0pt; font-family: Arial; font-weight: normal;\">\u00a0<\/span><\/p>\n<p class=\"MsoPlainText\"><i><span style=\"font-size: 10.0pt; font-family: Arial;\">4) In welcher Form k\u00f6nnte er sich vorstellen sich aktiv einzubringen?<\/span><\/i><\/p>\n<p class=\"MsoPlainText\"><span style=\"font-size: 10.0pt; font-family: Arial; font-weight: normal;\">\u00a0<\/span><\/p>\n<p class=\"MsoPlainText\"><span style=\"text-decoration: underline;\"><span style=\"font-size: 10.0pt; font-family: Arial;\">Stephan Lerch<\/span><\/span><span style=\"text-decoration: underline;\"><span style=\"font-size: 10.0pt; font-family: Arial; font-weight: normal;\">:<\/span><\/span><span style=\"font-size: 10.0pt; font-family: Arial; font-weight: normal;\"> Meine Kenntnisse und Erfahrungen als Regionalauswahltrainer der Region Darmstadt, w\u00e4hrend meiner Ausbildung bei den Lizenzstufen und meiner Lehrerausbildung m\u00f6chte ich gerne beim JFV einbringen und k\u00f6nnte mir unter anderem F\u00f6rdertrainingseinheiten in unterschiedlichen Altersklassen vorstellen, sowie das Erstellen von individuellen Trainingspl\u00e4nen und\/oder Hausaufgabenbetreuung. Sicherlich k\u00f6nnte man diverse Trainerseminare durchf\u00fchren um die Qualit\u00e4t der Ausbildung zu sichern.<\/span><\/p>\n<p class=\"MsoPlainText\"><span style=\"font-size: 10.0pt; font-family: Arial; font-weight: normal;\">\u00a0<\/span><\/p>\n<p class=\"MsoPlainText\"><span style=\"text-decoration: underline;\"><span style=\"font-size: 10.0pt; font-family: Arial;\">Peter Mautry<\/span><\/span><span style=\"text-decoration: underline;\"><span style=\"font-size: 10.0pt; font-family: Arial; font-weight: normal;\">: <\/span><\/span><span style=\"font-size: 10.0pt; font-family: Arial; color: black; font-weight: normal;\">Nach wie vor Besuch der Trainingseinheiten und Spiele. Die Jungs sind mir wichtig. Wir sind Ausbildungsverein<\/span><\/p>\n<p class=\"MsoPlainText\"><span style=\"font-size: 10.0pt; font-family: Arial; font-weight: normal;\">\u00a0<\/span><\/p>\n<p class=\"MsoPlainText\"><span style=\"font-size: 10.0pt; font-family: Arial; font-weight: normal;\">5) Wie k\u00f6nnte der \u00dcbergang von der Jugend in den aktiven Bereich aussehen?<\/span><\/p>\n<p class=\"MsoPlainText\"><span style=\"font-size: 10.0pt; font-family: Arial; font-weight: normal;\">\u00a0<\/span><\/p>\n<p class=\"MsoPlainText\"><span style=\"text-decoration: underline;\"><span style=\"font-size: 10.0pt; font-family: Arial;\">Stephan Lerch<\/span><\/span><span style=\"text-decoration: underline;\"><span style=\"font-size: 10.0pt; font-family: Arial; font-weight: normal;\">:<\/span><\/span><span style=\"font-size: 10.0pt; font-family: Arial; font-weight: normal;\"> Um einen guten und erfolgreichen \u00dcbergang in den Aktivenbereich sicherzustellen, werden im ersten Saisonhalbjahr einige Trainingseinheiten mit den Trainer der Aktivenmannschaften in der A-Jugendmannschaft durchgef\u00fchrt. Im zweiten Saisonhalbjahr werden die \u00e4lteren Jahrg\u00e4nge dann in den Trainingsbetrieb der Aktiventeams integriert und anschlie\u00dfend zusammen mit dem Spieler die Perspektiven besprochen.<\/span><\/p>\n<p class=\"MsoNormal\" style=\"margin-bottom: .0001pt; line-height: normal;\"><span style=\"text-decoration: underline;\"><span style=\"font-size: 10.0pt; font-family: Arial;\"><span style=\"text-decoration: none;\">\u00a0<\/span><\/span><\/span><\/p>\n<p class=\"MsoNormal\" style=\"margin-bottom: .0001pt; line-height: normal;\"><b><span style=\"text-decoration: underline;\"><span style=\"font-size: 10.0pt; font-family: Arial;\">Peter Mautry<\/span><\/span><\/b><span style=\"text-decoration: underline;\"><span style=\"font-size: 10.0pt; font-family: Arial;\">:\u00a0 <\/span><\/span><span style=\"font-size: 10.0pt; font-family: Arial; color: black;\">Ab A-Junioren eine Wocheneinheit bei Senioren mittrainieren. Gelegentlicher Einsatz Senioren. Punktuell, positionsbezogen.<\/span><\/p>\n","protected":false},"excerpt":{"rendered":"<p>Der JFV Alsbach\/Auerbach hat jetzt eine eigene Homepage. Siehe: http:\/\/www.jfv-fussball.de\/ Betrifft die A, B-und C-Jugend Neuer Juniorenf\u00f6rderverein (JFV) an der Bergstra\u00dfe! Der FC Alsbach und die TSV Auerbach gr\u00fcndeten am 04.03.2013 einen gemeinsamen Juniorenf\u00f6rderverein, den \u201eJFV Alsbach\/Auerbach 2013 e.V.\u201c mit Sitz in Bensheim. Nach Aussage des Jugendleiters der TSV Auerbach und neuen Jugendleiters des Juniorenf\u00f6rdervereins &hellip; <\/p>\n<p><a class=\"more-link btn\" href=\"https:\/\/tsv-auerbach.org\/fussball\/juniorenforderverein\/\">Weiterlesen<\/a><\/p>\n","protected":false},"author":9,"featured_media":0,"parent":0,"menu_order":0,"comment_status":"open","ping_status":"open","template":"","meta":{"footnotes":""},"class_list":["post-140","page","type-page","status-publish","hentry","nodate","item-wrap"],"_links":{"self":[{"href":"https:\/\/tsv-auerbach.org\/fussball\/wp-json\/wp\/v2\/pages\/140","targetHints":{"allow":["GET"]}}],"collection":[{"href":"https:\/\/tsv-auerbach.org\/fussball\/wp-json\/wp\/v2\/pages"}],"about":[{"href":"https:\/\/tsv-auerbach.org\/fussball\/wp-json\/wp\/v2\/types\/page"}],"author":[{"embeddable":true,"href":"https:\/\/tsv-auerbach.org\/fussball\/wp-json\/wp\/v2\/users\/9"}],"replies":[{"embeddable":true,"href":"https:\/\/tsv-auerbach.org\/fussball\/wp-json\/wp\/v2\/comments?post=140"}],"version-history":[{"count":1,"href":"https:\/\/tsv-auerbach.org\/fussball\/wp-json\/wp\/v2\/pages\/140\/revisions"}],"predecessor-version":[{"id":3520,"href":"https:\/\/tsv-auerbach.org\/fussball\/wp-json\/wp\/v2\/pages\/140\/revisions\/3520"}],"wp:attachment":[{"href":"https:\/\/tsv-auerbach.org\/fussball\/wp-json\/wp\/v2\/media?parent=140"}],"curies":[{"name":"wp","href":"https:\/\/api.w.org\/{rel}","templated":true}]}}