{"id":33,"date":"2013-02-08T10:16:36","date_gmt":"2013-02-08T09:16:36","guid":{"rendered":"http:\/\/www.tsv-auerbach-fussball.de\/?page_id=33"},"modified":"2024-07-11T14:54:42","modified_gmt":"2024-07-11T12:54:42","slug":"chronik","status":"publish","type":"page","link":"https:\/\/tsv-auerbach.org\/fussball\/chronik\/","title":{"rendered":"Wir \u00fcber uns"},"content":{"rendered":"<h2><b>Die Fu\u00dfballabteilung<\/b><\/h2>\n<p>&nbsp;<\/p>\n<h3><b>1. Die Fu\u00dfballabteilung umfasst derzeit:<\/b><\/h3>\n<ul>\n<li>Zwei Seniorenmannschaften, Gruppenliga und Kreisliga A,<\/li>\n<li>eine Sondermannschaft, m\u00e4nnlich<\/li>\n<li>eine Damenmannschaft<\/li>\n<li>16 Jugendmannschaften, m\u00e4nnlich<\/li>\n<li>4 Jugendmannschaften, weiblich<\/li>\n<\/ul>\n<p>&#8230;mit insgesamt \u00fcber 600 Mitgliedern.<\/p>\n<p>Von der A bis zur D Jugend spielen wir gemeinsam mit dem FC07 Bensheim im Juniorenf\u00f6rderverein Bensheim-Auerbach<\/p>\n<p>&nbsp;<\/p>\n<h3>2. Unser Selbstverst\u00e4ndnis<\/h3>\n<ul>\n<li>Kinder &amp; Jugendliche von der \u201eStra\u00dfe\u201c holen<\/li>\n<li>Werte wie Teamgeist, Respekt (auch f\u00fcr andere Kulturen und das andere Geschlecht) und Verantwortung vermitteln<\/li>\n<li>Kombination zwischen sozialem Engagement und sportlicher Leistungsorientierung<\/li>\n<li>Geordneter Spiel- und Trainingsbetrieb sicherstellen<\/li>\n<li>Rahmenbedingungen zur F\u00f6rderung der Kinder und Jugendlichen st\u00e4ndig zu optimieren<\/li>\n<li>Permanente Weiterbildung unserer Trainer und Betreuer, um eine qualitativ hochwertige Fu\u00dfballausbildung zu gew\u00e4hrleisten<\/li>\n<\/ul>\n<h3>3. Entwicklung der Jugendarbeit, einige Fakten<\/h3>\n<ul>\n<li>ca. 290 Kinder &amp; Jugendliche<\/li>\n<\/ul>\n<ul>\n<li>60 M\u00e4dchen mit Spielberechtigung und davon 15 M\u00e4dchen mit Migrationshintergrund<\/li>\n<\/ul>\n<ul>\n<li>ca. 230 Jungen mit\u00a0 Spielberechtigung und davon 60 Jungen mit Migrationshintergrund<\/li>\n<\/ul>\n<ul>\n<li>25 Trainer &amp; Betreuer, darunter einen Trainer mit t\u00fcrkischer und einen Betreuer mit italienischer Herkunft<\/li>\n<\/ul>\n<p>&nbsp;<\/p>\n<h3><b>4.\u00a0 Entwicklung der Jugendarbeit in Zahlen<\/b><\/h3>\n<table width=\"656\" cellspacing=\"0\" cellpadding=\"0\">\n<colgroup>\n<col width=\"33\" \/>\n<col width=\"97\" \/>\n<col width=\"47\" \/>\n<col width=\"127\" \/>\n<col width=\"61\" \/>\n<col width=\"65\" \/>\n<col width=\"113\" \/>\n<col width=\"47\" \/>\n<col width=\"65\" \/> <\/colgroup>\n<tbody>\n<tr>\n<td width=\"33\">\n<p align=\"center\"><strong>Jahr<\/strong><\/p>\n<\/td>\n<td width=\"97\">\n<p align=\"center\"><strong>Anzahl<\/strong><\/p>\n<p align=\"center\"><strong>Mann-schaften<\/strong><\/p>\n<\/td>\n<td width=\"47\">\n<p align=\"center\"><strong>Anzahl<\/strong><\/p>\n<p align=\"center\"><strong>Spieler<\/strong><\/p>\n<p align=\"center\"><strong>\/-innen<\/strong><\/p>\n<\/td>\n<td width=\"127\">\n<p align=\"center\"><strong>Davon<\/strong><\/p>\n<p align=\"center\"><strong>M\u00e4dchen-mannsch.<\/strong><\/p>\n<\/td>\n<td width=\"61\">\n<p align=\"center\"><strong>Anzahl<\/strong><\/p>\n<p align=\"center\"><strong>M\u00e4dchen<\/strong><\/p>\n<\/td>\n<td width=\"65\">\n<p align=\"center\"><strong>M\u00e4dchen mit Migration<\/strong><\/p>\n<\/td>\n<td width=\"113\">\n<p align=\"center\"><strong>Davon Jungen-mannsch.<\/strong><\/p>\n<\/td>\n<td width=\"47\">\n<p align=\"center\"><strong>Anzahl Jungen<\/strong><\/p>\n<\/td>\n<td width=\"65\">\n<p align=\"center\"><strong>Jungen mit Migration<\/strong><\/p>\n<\/td>\n<\/tr>\n<tr>\n<td width=\"33\">\n<p align=\"center\"><b>2009<\/b><\/p>\n<\/td>\n<td width=\"97\">\n<p align=\"center\">17<\/p>\n<\/td>\n<td width=\"47\">\n<p align=\"center\">290<\/p>\n<\/td>\n<td width=\"127\">\n<p align=\"center\">4<\/p>\n<\/td>\n<td width=\"61\">\n<p align=\"center\">60<\/p>\n<\/td>\n<td width=\"65\">\n<p align=\"center\">15<\/p>\n<\/td>\n<td width=\"113\">\n<p align=\"center\">13<\/p>\n<\/td>\n<td width=\"47\">\n<p align=\"center\">230<\/p>\n<\/td>\n<td width=\"65\">\n<p align=\"center\">60<\/p>\n<\/td>\n<\/tr>\n<tr>\n<td width=\"33\">\n<p align=\"center\">2008<\/p>\n<\/td>\n<td width=\"97\">\n<p align=\"center\">14<\/p>\n<\/td>\n<td width=\"47\">\n<p align=\"center\">242<\/p>\n<\/td>\n<td width=\"127\">\n<p align=\"center\">3<\/p>\n<\/td>\n<td width=\"61\">\n<p align=\"center\">45<\/p>\n<\/td>\n<td width=\"65\">\n<p align=\"center\">7<\/p>\n<\/td>\n<td width=\"113\">\n<p align=\"center\">11<\/p>\n<\/td>\n<td width=\"47\">\n<p align=\"center\">197<\/p>\n<\/td>\n<td width=\"65\">\n<p align=\"center\">57<\/p>\n<\/td>\n<\/tr>\n<tr>\n<td width=\"33\">\n<p align=\"center\">2007<\/p>\n<\/td>\n<td width=\"97\">\n<p align=\"center\">14<\/p>\n<\/td>\n<td width=\"47\">\n<p align=\"center\">220<\/p>\n<\/td>\n<td width=\"127\">\n<p align=\"center\">3<\/p>\n<\/td>\n<td width=\"61\">\n<p align=\"center\">29<\/p>\n<\/td>\n<td width=\"65\">\n<p align=\"center\">7<\/p>\n<\/td>\n<td width=\"113\">\n<p align=\"center\">11<\/p>\n<\/td>\n<td width=\"47\">\n<p align=\"center\">191<\/p>\n<\/td>\n<td width=\"65\">\n<p align=\"center\">45<\/p>\n<\/td>\n<\/tr>\n<tr>\n<td width=\"33\">\n<p align=\"center\">2006<\/p>\n<\/td>\n<td width=\"97\">\n<p align=\"center\">12<\/p>\n<\/td>\n<td width=\"47\">\n<p align=\"center\">186<\/p>\n<\/td>\n<td width=\"127\">\n<p align=\"center\">1<\/p>\n<\/td>\n<td width=\"61\">\n<p align=\"center\">17<\/p>\n<\/td>\n<td width=\"65\">\n<p align=\"center\">5<\/p>\n<\/td>\n<td width=\"113\">\n<p align=\"center\">11<\/p>\n<\/td>\n<td width=\"47\">\n<p align=\"center\">169<\/p>\n<\/td>\n<td width=\"65\">\n<p align=\"center\">46<\/p>\n<\/td>\n<\/tr>\n<\/tbody>\n<\/table>\n<p>&nbsp;<\/p>\n<h3><b>5.\u00a0 Bemerkenswerte Daten<\/b><\/h3>\n<ul>\n<li>2008 Er\u00f6ffnung des Fu\u00dfball-Jugendzentrums und damit Schaffung einer Begegnungsst\u00e4tte zwischen den Generationen, Geschlechtern und Kulturen.<\/li>\n<\/ul>\n<ul>\n<li>2009 Erweiterung des Abteilungsvorstandes um die eigenst\u00e4ndige Position eines \u201eJugendleiters M\u00e4dchen- und Frauenfu\u00dfball\u201c<\/li>\n<li>2009 Wahl unseres t\u00fcrkischen \u00dcbungsleiters Kamil \u00dclker zum Schriftf\u00fchrer der Abteilung und Schatzmeister des Gesamtvereins.<\/li>\n<\/ul>\n<h3><b>6. Gr\u00fcndungen des Junioren F\u00f6rdervereins <\/b><\/h3>\n<ul>\n<li>\u00a0Am 4.3.2013 wurde ein Junioren F\u00f6rderverein mit dem FC Alsbach gegr\u00fcndet. Er soll zun\u00e4chst f\u00fcr die A, B und C-Junioren gelten<\/li>\n<\/ul>\n","protected":false},"excerpt":{"rendered":"<p>Die Fu\u00dfballabteilung &nbsp; 1. Die Fu\u00dfballabteilung umfasst derzeit: Zwei Seniorenmannschaften, Gruppenliga und Kreisliga A, eine Sondermannschaft, m\u00e4nnlich eine Damenmannschaft 16 Jugendmannschaften, m\u00e4nnlich 4 Jugendmannschaften, weiblich &#8230;mit insgesamt \u00fcber 600 Mitgliedern. Von der A bis zur D Jugend spielen wir gemeinsam mit dem FC07 Bensheim im Juniorenf\u00f6rderverein Bensheim-Auerbach &nbsp; 2. Unser Selbstverst\u00e4ndnis Kinder &amp; Jugendliche von &hellip; <\/p>\n<p><a class=\"more-link btn\" href=\"https:\/\/tsv-auerbach.org\/fussball\/chronik\/\">Weiterlesen<\/a><\/p>\n","protected":false},"author":9,"featured_media":0,"parent":0,"menu_order":0,"comment_status":"closed","ping_status":"closed","template":"","meta":{"footnotes":""},"class_list":["post-33","page","type-page","status-publish","hentry","nodate","item-wrap"],"_links":{"self":[{"href":"https:\/\/tsv-auerbach.org\/fussball\/wp-json\/wp\/v2\/pages\/33","targetHints":{"allow":["GET"]}}],"collection":[{"href":"https:\/\/tsv-auerbach.org\/fussball\/wp-json\/wp\/v2\/pages"}],"about":[{"href":"https:\/\/tsv-auerbach.org\/fussball\/wp-json\/wp\/v2\/types\/page"}],"author":[{"embeddable":true,"href":"https:\/\/tsv-auerbach.org\/fussball\/wp-json\/wp\/v2\/users\/9"}],"replies":[{"embeddable":true,"href":"https:\/\/tsv-auerbach.org\/fussball\/wp-json\/wp\/v2\/comments?post=33"}],"version-history":[{"count":8,"href":"https:\/\/tsv-auerbach.org\/fussball\/wp-json\/wp\/v2\/pages\/33\/revisions"}],"predecessor-version":[{"id":4217,"href":"https:\/\/tsv-auerbach.org\/fussball\/wp-json\/wp\/v2\/pages\/33\/revisions\/4217"}],"wp:attachment":[{"href":"https:\/\/tsv-auerbach.org\/fussball\/wp-json\/wp\/v2\/media?parent=33"}],"curies":[{"name":"wp","href":"https:\/\/api.w.org\/{rel}","templated":true}]}}